{"id":2212,"date":"2022-09-12T23:34:16","date_gmt":"2022-09-12T21:34:16","guid":{"rendered":"https:\/\/www.eikasia.es\/?post_type=product&#038;p=2212"},"modified":"2022-09-12T23:43:29","modified_gmt":"2022-09-12T21:43:29","slug":"cuatro-cuadros-y-cuatro-contrastes-en-torno-a-la-cuestion-vasca","status":"publish","type":"product","link":"https:\/\/www.eikasia.es\/index.php\/producto\/cuatro-cuadros-y-cuatro-contrastes-en-torno-a-la-cuestion-vasca\/","title":{"rendered":"Cuatro cuadros y cuatro contrastes: en torno a la cuesti\u00f3n vasca"},"content":{"rendered":"<p style=\"text-align: justify;\">Sobre cuatro grandes cuadros en torno a la cuesti\u00f3n vasca:\u00a0<i>Monarqu\u00eda y Constituci\u00f3n<\/i>\u00a0(asociado al amarillo);\u00a0la\u00a0<i>Cultura<\/i>\u00a0(al blanco); la\u00a0<i>Violencia<\/i>\u00a0(al rojo); y la\u00a0<i>Narraci\u00f3n<\/i>\u00a0(al verde), se destacan otros tantos contrastes: La reivindicaci\u00f3n de los derechos colectivos est\u00e1 vinculada a los\u00a0<i>privilegios de hidalgu\u00eda<\/i>, privilegios vinculados a una de las m\u00e1s graves taras para la formaci\u00f3n de la subjetividad espa\u00f1ola, porque se soportaban en la exclusi\u00f3n de derechos a jud\u00edos moros o herejes, de manera que\u00a0<i>vizca\u00edno<\/i>\u00a0se convirti\u00f3 en sin\u00f3nimo de\u00a0<i>cristiano viejo<\/i>;\u00a0la reivindicaci\u00f3n de la Cultura es, en realidad, un combate continuado entre grupos vascos por su administraci\u00f3n y gesti\u00f3n; la Violencia ejercida por ETA, formalizada en su III Asamblea \u00a1en 1964!,\u00a0tiene que ver m\u00e1s con los movimientos revolucionarios de los procesos de descolonizaci\u00f3n en el contexto del fin de la Segunda Guerra Mundial que con la guerra (In)civil espa\u00f1ola; y, en fin, cuando con ayuda de los mitos se justifica el terror,\u00a0es necesario disolverlos. El ex etarra C\u00e1ndido Aspiazu fue muy expl\u00edcito al indicar que si mat\u00f3 fue por\u00a0<i>necesidad hist\u00f3rica<\/i>, por haber nacido en un pueblo que nunca fue vencido ni por romanos, ni por visigodos,\u00a0ni por \u00e1rabes, un pueblo muy diferente al de los espa\u00f1oles<\/p>\n<p style=\"text-align: justify;\"><b>Fernando Miguel P\u00e9rez Herranz, <\/b>profesor titular de la Universidad de Alicante. Estudi\u00f3 en las Universidades de Salamanca y Valencia, en la que obtuvo la Licenciatura. Doctor en Filosof\u00eda y Letras con la tesis <i>Las Ideas Filos\u00f3ficas de la \u00abMorfog\u00e9nesis\u00bb y del \u00abContinuo\u00bb en el marco de la teor\u00eda de las cat\u00e1strofes de Ren\u00e9 Thom<\/i> (1993). Ha escrito sobre cuestiones filos\u00f3ficas en todas sus dimensiones: l\u00f3gicas, epistemol\u00f3gicas, ontol\u00f3gicas y \u00e9ticas, cuyos resultados han confluido en su obra<i>: Ambiguus proteus. Valor, exceso y morfolog\u00eda<\/i> (2019). Ha recibido el VI premio Juan Andr\u00e9s de Ensayo e Investigaci\u00f3n en Ciencias Humanas por <i>Lindos y tornadizos: el pensamiento hispano <\/i>(<i>siglos xv-xvii<\/i>) (2016). Pertenece al consejo de direcci\u00f3n de la revista Eikas\u00eda de la que es colaborador.<span class=\"Apple-converted-space\">\u00a0<\/span><\/p>\n","protected":false},"excerpt":{"rendered":"<p>La reivindicaci\u00f3n de los derechos colectivos est\u00e1 vinculada a los privilegios de hidalgu\u00eda, privilegios vinculados a una de las m\u00e1s graves taras para la formaci\u00f3n de la subjetividad espa\u00f1ola, porque se soportaban en la exclusi\u00f3n de derechos a jud\u00edos moros o herejes, de manera que vizca\u00edno se convirti\u00f3 en sin\u00f3nimo de cristiano viejo; la reivindicaci\u00f3n de la Cultura es, en realidad, un combate continuado entre grupos vascos por su administraci\u00f3n y gesti\u00f3n; la Violencia ejercida por ETA, formalizada en su III Asamblea \u00a1en 1964!, tiene que ver m\u00e1s con los movimientos revolucionarios de los procesos de descolonizaci\u00f3n en el contexto del fin de la Segunda Guerra Mundial que con la guerra (In)civil espa\u00f1ola; y, en fin, cuando con ayuda de los mitos se justifica el terror, es necesario disolverlos.<\/p>\n","protected":false},"featured_media":2217,"template":"","meta":[],"product_brand":[],"product_cat":[59],"product_tag":[63,60,61,66,62,65,64],"class_list":{"0":"post-2212","1":"product","2":"type-product","3":"status-publish","4":"has-post-thumbnail","6":"product_cat-contemporanea","7":"product_tag-espana","8":"product_tag-eta","9":"product_tag-euskadi","10":"product_tag-nacionalismo","11":"product_tag-pais-vasco","12":"product_tag-pnv","13":"product_tag-sabino","15":"first","16":"instock","17":"taxable","18":"shipping-taxable","19":"purchasable","20":"product-type-simple"},"jetpack_sharing_enabled":true,"_links":{"self":[{"href":"https:\/\/www.eikasia.es\/index.php\/wp-json\/wp\/v2\/product\/2212","targetHints":{"allow":["GET"]}}],"collection":[{"href":"https:\/\/www.eikasia.es\/index.php\/wp-json\/wp\/v2\/product"}],"about":[{"href":"https:\/\/www.eikasia.es\/index.php\/wp-json\/wp\/v2\/types\/product"}],"wp:featuredmedia":[{"embeddable":true,"href":"https:\/\/www.eikasia.es\/index.php\/wp-json\/wp\/v2\/media\/2217"}],"wp:attachment":[{"href":"https:\/\/www.eikasia.es\/index.php\/wp-json\/wp\/v2\/media?parent=2212"}],"wp:term":[{"taxonomy":"product_brand","embeddable":true,"href":"https:\/\/www.eikasia.es\/index.php\/wp-json\/wp\/v2\/product_brand?post=2212"},{"taxonomy":"product_cat","embeddable":true,"href":"https:\/\/www.eikasia.es\/index.php\/wp-json\/wp\/v2\/product_cat?post=2212"},{"taxonomy":"product_tag","embeddable":true,"href":"https:\/\/www.eikasia.es\/index.php\/wp-json\/wp\/v2\/product_tag?post=2212"}],"curies":[{"name":"wp","href":"https:\/\/api.w.org\/{rel}","templated":true}]}}