{"id":2445,"date":"2023-10-15T11:34:47","date_gmt":"2023-10-15T09:34:47","guid":{"rendered":"https:\/\/www.eikasia.es\/?post_type=product&#038;p=2445"},"modified":"2023-10-15T11:39:48","modified_gmt":"2023-10-15T09:39:48","slug":"2445","status":"publish","type":"product","link":"https:\/\/www.eikasia.es\/index.php\/producto\/2445\/","title":{"rendered":"La lucha contra la pobreza Una agenda de cooperaci\u00f3n tras la crisis del COVID19."},"content":{"rendered":"<p> Hay un derecho a no ser pobre y hay medios para que nadie lo sea. La humanidad tiene la obligaci\u00f3n o una obligaci\u00f3n perfecta de acabar con el hambre y con la pobreza. Esto es el reto moral del siglo XXI. Efectivamente, con los Objetivos del Desarrollo Sostenible,  se propuso la agenda 2030 de acabar en el a\u00f1o 2030 con el hambre, la pobreza, etc., pero ahora hemos retrocedido prodigiosamente gracias al COVID y gracias a la guerra de Ucrania y gracias a todas las dem\u00e1s guerras que est\u00e1n funcionando por esos mundos. <\/p>\n<p>CONGRESO INTERNACIONAL <\/p>\n<p>Ciclo de Derechos Humanos<\/p>\n<p>La lucha contra la pobreza<br \/>\nUna agenda de cooperaci\u00f3n tras la crisis del COVID19.<\/p>\n<p>\u00cdndice<\/p>\n<p>La lucha contra la pobreza<br \/>\nUna agenda de cooperaci\u00f3n tras la crisis del COVID19<\/p>\n<p>Presentaci\u00f3n del congreso<br \/>\nDr. Rom\u00e1n Garc\u00eda Fern\u00e1ndez. Presidente del IEPC<\/p>\n<p>Erradicar la pobreza: una obligaci\u00f3n \u00e9tica y pol\u00edtica para el siglo XXI<br \/>\nDr. Adela Cortina. Catedr\u00e1tica de \u00c9tica. Universidad de Valencia\u202f <\/p>\n<p>Mercado y Estado: fetiches tambi\u00e9n en tiempos de contagio<br \/>\nJuan Ponte. Profesor de Filosof\u00eda IES la Eria. <\/p>\n<p>Mesa redonda ONGD. La crisis de la cooperaci\u00f3n y el fin de la pobreza.<br \/>\nAgust\u00edn Gavin. Movimiento por la paz en Arag\u00f3n, Esteban Tom\u00e1s, Ana Fern\u00e1ndez. Expresidenta de la Junta de Arag\u00f3n, Manuel Gal\u00e1n, vicepresidente de la CODOPA, Coordina Isabel Gonz\u00e1lez IEPC.<\/p>\n<p>La Agenda 2030 en el curr\u00edculo de la LOMLOE<br \/>\nJos\u00e9 Antonio Diaz. Profesor de IES. Canarias\u202f <\/p>\n<p>Presentaci\u00f3n del libro Desigualdad y pobreza en el mundo actual<br \/>\nDr. Anastasio Ovejero.<\/p>\n<p>Los tics \u0301s-humanos y sus necesidades despu\u00e9s del COVID-19<br \/>\nDra. M.\u00aa Elvia Edith Alan\u00eds P\u00e9rez, Universidad de Guadalajara (M\u00e9xico)<\/p>\n<p>Las redes de la pobreza. El caso de la poblaci\u00f3n haitiana en R.D.<br \/>\nDra. Nerys Garc\u00eda Cuevas. Instituto de Estudios para la Paz y la Cooperaci\u00f3n Rep\u00fablica Dominicana.<\/p>\n<p>Educaci\u00f3n para ni\u00f1as ind\u00edgenas en situaci\u00f3n de vulnerabilidad y pobreza: Un proyecto de emancipaci\u00f3n y pedagog\u00eda del cuidado.<br \/>\nDra. Rosa Elena Duran Gonz\u00e1lez. Universidad Aut\u00f3noma del Estado de Hidalgo (M\u00e9xico).<\/p>\n<p>Los derechos humanos de las mujeres tabasque\u00f1as<br \/>\nDoris Laury Beatriz Dzib Moo<br \/>\nSandra Patricia Dzib Moo<br \/>\nMaritza Cristell Gonz\u00e1lez Ceballos<\/p>\n<p>Aumento de la violencia en comunidades rurales de Tabasco: desigualdad, injusticia y educaci\u00f3n<br \/>\nEduardo Brito Ramos<br \/>\nDiana Guadalupe Aguilera Hern\u00e1ndez<\/p>\n<p>La econom\u00eda educativa como un fen\u00f3meno para disminuir el abandono escolar en el nivel medio superior en el estado<br \/>\nKathia Pamela Sosa S\u00e1nchez<br \/>\nCelerino Villa Mateo.\t<\/p>\n<p>La importancia de la pr\u00e1ctica del cuidado en el desempe\u00f1o escolar<br \/>\nLuz Aracely  Hern\u00e1ndez C\u00e9spedes<br \/>\nRosa Elena Duran Gonz\u00e1lez\t<\/p>\n<p>Adaptaci\u00f3n y validaci\u00f3n del instrumento Cuestionario de Ansiedad por Coronavirus (CAS) en poblaci\u00f3n mexicana<br \/>\nMariela Guti\u00e9rrez Y\u00e1\u00f1ez<br \/>\nJared Ramos Garc\u00eda<br \/>\nSergio Gal\u00e1n Cuevas<br \/>\nNorma Ang\u00e9lica Ortega Andrade<br \/>\nAndr\u00f3meda Ivette Valencia Ortiz<\/p>\n<p>Percepci\u00f3n sobre los efectos del cambio clim\u00e1tico en M\u00e9xico: el caso del Estado de Hidalgo<br \/>\nDra. Andr\u00f3meda Ivette Valencia Ortiz,<br \/>\nDr. Rub\u00e9n Garc\u00eda Cruz,<br \/>\nMtro. Luis Vicente Rueda Le\u00f3n<br \/>\nLic. Mauricio Consuelos Barrios<br \/>\nDr. Javier Urbina Soria<\/p>\n<p>Las actividades recreativas en estudiantes universitarios y su relaci\u00f3n con el aprovechamiento acad\u00e9mico<br \/>\nLuis Daniel Mej\u00eda M\u00e1rquez<\/p>\n<p>Educaci\u00f3n para ni\u00f1os con s\u00edndrome de Down<br \/>\nZagaly Celeste Gudi\u00f1o Curiel  <\/p>\n<p>Mujer y participaci\u00f3n pol\u00edtica: una reflexi\u00f3n desde la teor\u00eda pol\u00edtica de H. Arendt.<br \/>\nSylvana Marte<\/p>\n<p>Objetivos de salud en tiempos de posverdad: el caso del movimiento \u00abantivacunas\u00bb.<br \/>\nCl\u00e9vy P\u00e9rez<\/p>\n<p>La concepci\u00f3n de la protecci\u00f3n de minor\u00edas puesta en cuesti\u00f3n: la ola nacional populista amenaza los derechos sociales contempor\u00e1neos<br \/>\nAnder Rivera Guerrero<\/p>\n<p>Democracia representativa y desconfianza institucional: causas de un fen\u00f3meno contempor\u00e1neo<br \/>\nCamilo Andr\u00e9s Soto Su\u00e1rez <\/p>\n<p>Pobreza, renta b\u00e1sica universal y post-marxismo<br \/>\nDaniel Centr\u00f3n Antu\u00f1a<\/p>\n","protected":false},"excerpt":{"rendered":"<p>Hay un derecho a no ser pobre y hay medios para que nadie lo sea. La humanidad tiene la obligaci\u00f3n o una obligaci\u00f3n perfecta de acabar con el hambre y con la pobreza. Esto es el reto moral del siglo XXI. Efectivamente, con los Objetivos del Desarrollo Sostenible, se propuso la agenda 2030 de acabar [&hellip;]<\/p>\n","protected":false},"featured_media":2446,"template":"","meta":[],"product_brand":[],"product_cat":[74],"product_tag":[80,79,84,85,83,37,76,78,77,81,82,75],"class_list":{"0":"post-2445","1":"product","2":"type-product","3":"status-publish","4":"has-post-thumbnail","6":"product_cat-paz-y-cooperacion","7":"product_tag-accion-social","8":"product_tag-agenda-2030","9":"product_tag-ddhh","10":"product_tag-derechos-humanos","11":"product_tag-economia","12":"product_tag-educacion","13":"product_tag-hambre","14":"product_tag-objetivos-de-desarrollo-sostenible","15":"product_tag-ods","16":"product_tag-ong","17":"product_tag-ongd","18":"product_tag-pobreza","20":"first","21":"instock","22":"taxable","23":"shipping-taxable","24":"purchasable","25":"product-type-simple"},"jetpack_sharing_enabled":true,"_links":{"self":[{"href":"https:\/\/www.eikasia.es\/index.php\/wp-json\/wp\/v2\/product\/2445","targetHints":{"allow":["GET"]}}],"collection":[{"href":"https:\/\/www.eikasia.es\/index.php\/wp-json\/wp\/v2\/product"}],"about":[{"href":"https:\/\/www.eikasia.es\/index.php\/wp-json\/wp\/v2\/types\/product"}],"wp:featuredmedia":[{"embeddable":true,"href":"https:\/\/www.eikasia.es\/index.php\/wp-json\/wp\/v2\/media\/2446"}],"wp:attachment":[{"href":"https:\/\/www.eikasia.es\/index.php\/wp-json\/wp\/v2\/media?parent=2445"}],"wp:term":[{"taxonomy":"product_brand","embeddable":true,"href":"https:\/\/www.eikasia.es\/index.php\/wp-json\/wp\/v2\/product_brand?post=2445"},{"taxonomy":"product_cat","embeddable":true,"href":"https:\/\/www.eikasia.es\/index.php\/wp-json\/wp\/v2\/product_cat?post=2445"},{"taxonomy":"product_tag","embeddable":true,"href":"https:\/\/www.eikasia.es\/index.php\/wp-json\/wp\/v2\/product_tag?post=2445"}],"curies":[{"name":"wp","href":"https:\/\/api.w.org\/{rel}","templated":true}]}}