{"id":2778,"date":"2024-10-02T11:33:11","date_gmt":"2024-10-02T09:33:11","guid":{"rendered":"https:\/\/www.eikasia.es\/?post_type=product&#038;p=2778"},"modified":"2024-10-02T11:33:11","modified_gmt":"2024-10-02T09:33:11","slug":"actas-paz-y-educacion-congreso-paz-y-educacion-iepc","status":"publish","type":"product","link":"https:\/\/www.eikasia.es\/index.php\/producto\/actas-paz-y-educacion-congreso-paz-y-educacion-iepc\/","title":{"rendered":"Actas Paz y Educaci\u00f3n Congreso Paz y Educaci\u00f3n IEPC"},"content":{"rendered":"<p>CONGRESO INTERNACIONAL ONLINE Y PRESENCIAL<br \/>\nCiclo de Derechos Humanos<br \/>\nPAZ Y EDUCACION.<br \/>\nUna educaci\u00f3n de calidad.<br \/>\n(Oviedo) 7, 8 y 9 de Noviembre del 2024<br \/>\nFecha l\u00edmite presentaci\u00f3n de comunicaciones, 31 de julio 2024<\/p>\n<p>Educaci\u00f3n de calidad es el n\u00famero 4 de los Objetivos de Desarrollo Sostenible. Si bien la Educaci\u00f3n est\u00e1 implicada en el resto de los objetivos, la paz es, a nuestro entender, el principio b\u00e1sico de partida desde el que se reorganiza el resto de los objetivos. La paz es el principio de garant\u00eda de nuestra supervivencia y, por tanto, el principio \u00e9tico por excelencia. En ese sentido, la ignorancia es uno de los males end\u00e9micos de la humanidad. Pero la ignorancia no s\u00f3lo podemos atribuirla a falta de conocimientos, sino que tambi\u00e9n est\u00e1 plagada de falsos conocimientos, creencias y supersticiones. Ya no podemos seguir sosteniendo que la falta de escolarizaci\u00f3n es un problema de dinero cuando el presupuesto de la guerra de Ucrania del a\u00f1o pasado hubiera sido suficiente para escolarizar a toda la poblaci\u00f3n mundial durante una d\u00e9cada. Debemos asumir que, en siglo XXI, si no solucionamos los problemas con los que nos enfrentamos no es por falta de recursos.<br \/>\nSin sociedades pac\u00edficas justas e inclusivas es imposible alcanzar los 16 Objetivos de Desarrollo Sostenible restantes. Las personas de todo el mundo no deber\u00edan tener miedo a la violencia de ning\u00fan tipo y deber\u00edan sentirse seguras durante toda su vida, independientemente de su raza, etnia, religi\u00f3n, pa\u00eds u orientaci\u00f3n sexual. Debe garantizarse la libertad de expresi\u00f3n de la propia opini\u00f3n, tanto en privado como en p\u00fablico y sin la cual no existe democracia. Las personas deben poder participar en los procesos de toma de decisiones que afectan sus vidas. Pero estas condiciones no se pueden alcanzar sin ciudadanos formados cr\u00edticamente. Es por ello que, sin la paz y la Educaci\u00f3n, creemos, no se pueden dar estas condiciones.<\/p>\n<p>Necesitamos instituciones eficaces e inclusivas para garantizar la vida de sus ciudadanos, brindar educaci\u00f3n y atenci\u00f3n m\u00e9dica de calidad, implementar pol\u00edticas econ\u00f3micas justas y garantizar una protecci\u00f3n ambiental inclusiva. Las democracias m\u00e1s consolidadas del mundo se enfrentan a grandes dificultades en su lucha contra la corrupci\u00f3n, la delincuencia, los abusos de los derechos humanos en sus propios pa\u00edses y tambi\u00e9n a la demagogia y las campa\u00f1as de marketing para la obtenci\u00f3n de poder a cualquier precio, sacrificando la verdad y los comportamientos \u00e9ticos.<\/p>\n<p>Para lograr la paz y la educaci\u00f3n de calidad, como para el resto de los Objetivos de Desarrollo Sostenible, es importante luchar en tres direcciones: internacional, nacional y local. A nivel internacional, se hace imprescindible reformar las Naciones Unidas para que realmente sea una organizaci\u00f3n que vele por el mantenimiento de la paz y en ese sentido la Unesco debe recuperar el objetivo de la Educaci\u00f3n para la paz como curriculum de la humanidad. A nivel nacional y local es necesario, que los gobiernos, la sociedad civil y las comunidades trabajen juntos para integrar en el curriculum la Educaci\u00f3n para la paz y los Objetivos de Desarrollo Sostenible, como soluci\u00f3n duradera para reducir la violencia, brindar la justicia, luchar eficazmente contra la corrupci\u00f3n y asegurar la participaci\u00f3n inclusiva en todo momento.<\/p>\n<p>La paz, tal y como la entiende el Instituto de Estudios para la Paz y la Cooperaci\u00f3n, en el marco del Derecho humano a la paz, es el primer elemento necesario para garantizar todos los dem\u00e1s derechos. Sin paz, no se puede hablar de otros derechos, pero qu\u00e9 duda cabe, que para empezar a hablar del resto de derechos se tiene que garantizar una alimentaci\u00f3n adecuada, garantizar los derechos ciudadanos y en especial el de expresi\u00f3n. Que todas estas condiciones no tienen sentido sin la perspectiva de la justicia, dado que es central para el progreso humano conseguir que las personas tengan igualdad de oportunidades y derechos. Sin ello, simplemente no cabe hablar de sociedad.<\/p>\n<p>La paz es esencial para el progreso humano ya que permite la convivencia pac\u00edfica entre las personas y la resoluci\u00f3n de conflictos de manera no violenta. La violencia y los conflictos armados generan sufrimiento y destrucci\u00f3n, lo que afecta negativamente al desarrollo humano. Por lo tanto, la promoci\u00f3n de la paz es un elemento clave para garantizar un entorno seguro y estable que permita el desarrollo de las personas y las comunidades. <\/p>\n<p>La educaci\u00f3n cr\u00edtica y de calidad es lo que permite que los ciudadanos puedan analizar las causas de los conflictos, formar opini\u00f3n y participar en sociedad.<\/p>\n<p>Desde el IEPC os invitamos a reflexionar sobre los fundamentos de la Paz y La Educaci\u00f3n.<\/p>\n","protected":false},"excerpt":{"rendered":"<p>CONGRESO INTERNACIONAL ONLINE Y PRESENCIAL Ciclo de Derechos Humanos PAZ Y EDUCACION. Una educaci\u00f3n de calidad. (Oviedo) 7, 8 y 9 de Noviembre del 2024 Fecha l\u00edmite presentaci\u00f3n de comunicaciones, 31 de julio 2024 Educaci\u00f3n de calidad es el n\u00famero 4 de los Objetivos de Desarrollo Sostenible. Si bien la Educaci\u00f3n est\u00e1 implicada en el [&hellip;]<\/p>\n","protected":false},"featured_media":2779,"template":"","meta":[],"product_brand":[],"product_cat":[21],"product_tag":[],"class_list":{"0":"post-2778","1":"product","2":"type-product","3":"status-publish","4":"has-post-thumbnail","6":"product_cat-libros","8":"first","9":"instock","10":"taxable","11":"shipping-taxable","12":"purchasable","13":"product-type-simple"},"jetpack_sharing_enabled":true,"_links":{"self":[{"href":"https:\/\/www.eikasia.es\/index.php\/wp-json\/wp\/v2\/product\/2778","targetHints":{"allow":["GET"]}}],"collection":[{"href":"https:\/\/www.eikasia.es\/index.php\/wp-json\/wp\/v2\/product"}],"about":[{"href":"https:\/\/www.eikasia.es\/index.php\/wp-json\/wp\/v2\/types\/product"}],"wp:featuredmedia":[{"embeddable":true,"href":"https:\/\/www.eikasia.es\/index.php\/wp-json\/wp\/v2\/media\/2779"}],"wp:attachment":[{"href":"https:\/\/www.eikasia.es\/index.php\/wp-json\/wp\/v2\/media?parent=2778"}],"wp:term":[{"taxonomy":"product_brand","embeddable":true,"href":"https:\/\/www.eikasia.es\/index.php\/wp-json\/wp\/v2\/product_brand?post=2778"},{"taxonomy":"product_cat","embeddable":true,"href":"https:\/\/www.eikasia.es\/index.php\/wp-json\/wp\/v2\/product_cat?post=2778"},{"taxonomy":"product_tag","embeddable":true,"href":"https:\/\/www.eikasia.es\/index.php\/wp-json\/wp\/v2\/product_tag?post=2778"}],"curies":[{"name":"wp","href":"https:\/\/api.w.org\/{rel}","templated":true}]}}