{"id":3690,"date":"2026-01-24T12:34:19","date_gmt":"2026-01-24T11:34:19","guid":{"rendered":"https:\/\/www.eikasia.es\/?post_type=product&#038;p=3690"},"modified":"2026-01-27T13:43:12","modified_gmt":"2026-01-27T12:43:12","slug":"pelayo-perez-numero-especial-131-de-eikasia-revista-de-filosofia","status":"publish","type":"product","link":"https:\/\/www.eikasia.es\/index.php\/producto\/pelayo-perez-numero-especial-131-de-eikasia-revista-de-filosofia\/","title":{"rendered":"Pelayo P\u00e9rez. Numero Especial 131 de Eikasia Revista de Filosof\u00eda"},"content":{"rendered":"<p style=\"font-weight: 400;\"><strong>Nota editorial<\/strong><\/p>\n<p style=\"font-weight: 400;\">Rom\u00e1n Garc\u00eda Fern\u00e1ndez\u00a0<a href=\"https:\/\/www.revistadefilosofia.org\/index.php\/ERF\/article\/view\/1192\">En memoria de Pelayo P\u00e9rez Garc\u00eda (1947-2025): editorial 7-10<\/a><\/p>\n<p style=\"font-weight: 400;\">Presentaci\u00f3n.\u00a0Luis \u00c1lvarez Falc\u00f3n\u00a0<a href=\"https:\/\/www.revistadefilosofia.org\/index.php\/ERF\/article\/view\/1176\">Nict\u00e1lope: homenaje a Pelayo P\u00e9rez Garc\u00eda: presentaci\u00f3n 11-14<\/a><\/p>\n<p style=\"font-weight: 400;\">Pelayo P\u00e9rez Garc\u00eda\u00a0<a href=\"https:\/\/www.revistadefilosofia.org\/index.php\/ERF\/article\/view\/1193\">Nict\u00e1lope 15-19<\/a><\/p>\n<p style=\"font-weight: 400;\"><strong>Art\u00edculos<\/strong><\/p>\n<p style=\"font-weight: 400;\">Luis \u00c1lvarez Falc\u00f3n\u00a0<a href=\"https:\/\/www.revistadefilosofia.org\/index.php\/ERF\/article\/view\/1183\">Presentaci\u00f3n a \u00abLa revoluci\u00f3n pendiente\u00bb de Pelayo P\u00e9rez Garc\u00eda 21-25<\/a><\/p>\n<p style=\"font-weight: 400;\">Pelayo P\u00e9rez Garc\u00eda\u00a0<a href=\"https:\/\/www.revistadefilosofia.org\/index.php\/ERF\/article\/view\/1196\">La revoluci\u00f3n pendiente 27-37<\/a><\/p>\n<p style=\"font-weight: 400;\">Ricardo S\u00e1nchez Ortiz de Urbina\u00a0<a href=\"https:\/\/www.revistadefilosofia.org\/index.php\/ERF\/article\/view\/1197\">In memoriam 39-42<\/a><\/p>\n<p style=\"font-weight: 400;\">Agust\u00edn Serrano de Haro\u00a0<a href=\"https:\/\/www.revistadefilosofia.org\/index.php\/ERF\/article\/view\/1103\">En recuerdo de Pelayo P\u00e9rez Garc\u00eda 43-48<\/a><\/p>\n<p style=\"font-weight: 400;\">Alberto Hidalgo Tu\u00f1\u00f3n\u00a0<a href=\"https:\/\/www.revistadefilosofia.org\/index.php\/ERF\/article\/view\/1198\">Pelayo P\u00e9rez Garc\u00eda, fil\u00f3sofo mundano: una navegaci\u00f3n por el exceso 49-66<\/a><\/p>\n<p style=\"font-weight: 400;\">Fernando Miguel P\u00e9rez Herranz <a href=\"https:\/\/www.revistadefilosofia.org\/index.php\/ERF\/article\/view\/1199\">Pensar junto con vosotros: pensar junto con Pelayo P\u00e9rez Garc\u00eda 67-87<\/a><\/p>\n<p style=\"font-weight: 400;\">Silverio S\u00e1nchez Corredera\u00a0<a href=\"https:\/\/www.revistadefilosofia.org\/index.php\/ERF\/article\/view\/1200\">Pelayo P\u00e9rez Garc\u00eda, fil\u00f3sofo del alma hyl\u00e9tica y salvaje 89-145<\/a><\/p>\n<p style=\"font-weight: 400;\">Lu\u00eds Ant\u00f3nio Umbelino\u00a0<a href=\"https:\/\/www.revistadefilosofia.org\/index.php\/ERF\/article\/view\/1145\">Breves notas sobre la amistad: en memoria de Pelayo P\u00e9rez Garc\u00eda 147-153<\/a><\/p>\n<p style=\"font-weight: 400;\">Pelayo P\u00e9rez Garc\u00eda, Luis \u00c1lvarez Falc\u00f3n\u00a0<a href=\"https:\/\/www.revistadefilosofia.org\/index.php\/ERF\/article\/view\/1138\">Nr. 25. Anexo 25. Acta finalis 155-196<\/a><\/p>\n<p style=\"font-weight: 400;\">Pelayo P\u00e9rez Garc\u00eda; Aur\u00e9lien Alavi\u00a0<a href=\"https:\/\/www.revistadefilosofia.org\/index.php\/ERF\/article\/view\/1149\">Hablar\/leer\/escribir<\/a> 197-206<\/p>\n<p style=\"font-weight: 400;\">Pelayo P\u00e9rez Garc\u00eda; Samuele Arrigoni\u00a0<a href=\"https:\/\/www.revistadefilosofia.org\/index.php\/ERF\/article\/view\/1151\">El exceso 207-215<\/a><\/p>\n<p style=\"font-weight: 400;\">Juan Carlos Sabio Garc\u00eda\u00a0<a href=\"https:\/\/www.revistadefilosofia.org\/index.php\/ERF\/article\/view\/1173\">Recordando a un amigo 217-222<\/a><\/p>\n<p style=\"font-weight: 400;\">Diana Gumiel\u00a0<a href=\"https:\/\/www.revistadefilosofia.org\/index.php\/ERF\/article\/view\/1201\">Pelayo P\u00e9rez Garc\u00eda y su amor por la filosof\u00eda 223-258<\/a><\/p>\n<p style=\"font-weight: 400;\">Ferm\u00edn Valer\u00f3n Hern\u00e1ndez\u00a0<a href=\"https:\/\/www.revistadefilosofia.org\/index.php\/ERF\/article\/view\/1123\">Las exigencias del an\u00e1lisis fenomenol\u00f3gico: naturalizaci\u00f3n y ciencias cognitivas<\/a> 259-282<\/p>\n<p style=\"font-weight: 400;\"><strong>Notas, rese\u00f1as, libros<\/strong><\/p>\n<p style=\"font-weight: 400;\">Rom\u00e1n Garc\u00eda Fern\u00e1ndez\u00a0<a href=\"https:\/\/www.revistadefilosofia.org\/index.php\/ERF\/article\/view\/1202\">Pr\u00f3logo: Pelayo P\u00e9rez Garc\u00eda, Bit\u00e1coras. Oviedo, Eikas\u00eda, 2025. Colecci\u00f3n Contempor\u00e1nea 283-285<\/a><\/p>\n<p style=\"font-weight: 400;\">Uriel Bonilla Su\u00e1rez\u00a0<a href=\"https:\/\/www.revistadefilosofia.org\/index.php\/ERF\/article\/view\/1204\">Pelayo P\u00e9rez Garc\u00eda: una bibliograf\u00eda provisional 287-312<\/a><\/p>\n<p style=\"font-weight: 400;\">Numero 131 en Eikasia Revista de Filosof\u00eda<\/p>\n<p style=\"font-weight: 400;\">\n","protected":false},"excerpt":{"rendered":"<p>Nota editorial Rom\u00e1n Garc\u00eda Fern\u00e1ndez\u00a0En memoria de Pelayo P\u00e9rez Garc\u00eda (1947-2025): editorial 7-10 Presentaci\u00f3n.\u00a0Luis \u00c1lvarez Falc\u00f3n\u00a0Nict\u00e1lope: homenaje a Pelayo P\u00e9rez Garc\u00eda: presentaci\u00f3n 11-14 Pelayo P\u00e9rez Garc\u00eda\u00a0Nict\u00e1lope 15-19 Art\u00edculos Luis \u00c1lvarez Falc\u00f3n\u00a0Presentaci\u00f3n a \u00abLa revoluci\u00f3n pendiente\u00bb de Pelayo P\u00e9rez Garc\u00eda 21-25 Pelayo P\u00e9rez Garc\u00eda\u00a0La revoluci\u00f3n pendiente 27-37 Ricardo S\u00e1nchez Ortiz de Urbina\u00a0In memoriam 39-42 Agust\u00edn Serrano [&hellip;]<\/p>\n","protected":false},"featured_media":3693,"template":"","meta":[],"product_brand":[],"product_cat":[21],"product_tag":[],"class_list":{"0":"post-3690","1":"product","2":"type-product","3":"status-publish","4":"has-post-thumbnail","6":"product_cat-libros","8":"first","9":"instock","10":"taxable","11":"shipping-taxable","12":"purchasable","13":"product-type-simple"},"jetpack_sharing_enabled":true,"_links":{"self":[{"href":"https:\/\/www.eikasia.es\/index.php\/wp-json\/wp\/v2\/product\/3690","targetHints":{"allow":["GET"]}}],"collection":[{"href":"https:\/\/www.eikasia.es\/index.php\/wp-json\/wp\/v2\/product"}],"about":[{"href":"https:\/\/www.eikasia.es\/index.php\/wp-json\/wp\/v2\/types\/product"}],"wp:featuredmedia":[{"embeddable":true,"href":"https:\/\/www.eikasia.es\/index.php\/wp-json\/wp\/v2\/media\/3693"}],"wp:attachment":[{"href":"https:\/\/www.eikasia.es\/index.php\/wp-json\/wp\/v2\/media?parent=3690"}],"wp:term":[{"taxonomy":"product_brand","embeddable":true,"href":"https:\/\/www.eikasia.es\/index.php\/wp-json\/wp\/v2\/product_brand?post=3690"},{"taxonomy":"product_cat","embeddable":true,"href":"https:\/\/www.eikasia.es\/index.php\/wp-json\/wp\/v2\/product_cat?post=3690"},{"taxonomy":"product_tag","embeddable":true,"href":"https:\/\/www.eikasia.es\/index.php\/wp-json\/wp\/v2\/product_tag?post=3690"}],"curies":[{"name":"wp","href":"https:\/\/api.w.org\/{rel}","templated":true}]}}