{"id":57,"date":"2021-01-16T17:09:44","date_gmt":"2021-01-16T17:09:44","guid":{"rendered":"https:\/\/www.eikasia.es\/?post_type=product&#038;p=57"},"modified":"2021-06-25T09:59:44","modified_gmt":"2021-06-25T07:59:44","slug":"introduccion-a-la-logica","status":"publish","type":"product","link":"https:\/\/www.eikasia.es\/index.php\/producto\/introduccion-a-la-logica\/","title":{"rendered":"Introducci\u00f3n a la L\u00f3gica"},"content":{"rendered":"<p>Presentamos un nuevo libro que inaugura nuestra colecci\u00f3n Did\u00e1ctica de la Filosof\u00eda con la que pretendemos no s\u00f3lo crear una l\u00ednea instrumental de \u00e1reas de la filosof\u00eda contempor\u00e1nea, sino acercar al gran p\u00fablico problemas, corrientes y discusiones actuales de la filosof\u00eda. No se trata de una idea nueva &ndash;en Filosof\u00eda es raro poder aplicar este t\u00e9rmino&ndash; pero s\u00ed es verdad que las colecciones muy meritorias que exist\u00edan han ido desapareciendo con el tiempo. No queremos innovar, sino contribuir a que este g\u00e9nero no desaparezca.<\/p>\n<p>Este primer volumen intenta iniciar en la L\u00f3gica al p\u00fablico en general. A pesar del inter\u00e9s objetivo que esta disciplina tiene en distintos campos espec\u00edficos del conocimiento y de las ventajas que pueda tener para la formaci\u00f3n de los ciudadanos en general, habiendo sido en algunos momentos una de las tres patas que conformaban la Filosof\u00eda, ha ido desapareciendo progresivamente de los programas docentes.<\/p>\n<p>Por muy incre\u00edble que parezca no se imparte una asignatura de L\u00f3gica en el Bachillerato para los alumnos que van a cursar Inform\u00e1tica, cuando todos los lenguajes de programaci\u00f3n est\u00e1n basados en ella. S\u00f3lo partiendo de teor\u00edas irracionalistas y conspiranoicas podr\u00edamos justificar su eliminaci\u00f3n de los planes de estudio.<\/p>\n<p>El manual que presentamos pretende recuperar la tradici\u00f3n de <em>Teor\u00eda y pr\u00e1ctica de la L\u00f3gica proposicional<\/em> de Pedro Montaner e Hilari Arnau de la editorial Vicens-Vives (1987) y permitir de una manera sencilla y progresiva la capacitaci\u00f3n del lector en la formalizaci\u00f3n y resoluci\u00f3n de problemas de l\u00f3gica formal mediante tablas de verdad, el m\u00e9todo de Quine, deducci\u00f3n natural y diagramas de Venn.<\/p>\n<p>As\u00ed pues, este es el inicio de una colecci\u00f3n con la que pretendemos acercar al gran p\u00fablico las cuestiones b\u00e1sicas de Filosof\u00eda como introducci\u00f3n a contenidos m\u00e1s espec\u00edficos. Esperamos cumplir con esta tarea.<\/p>\n<p>Uriel\u00a0Bonilla Su\u00e1rez<br \/>\nDirector de la colecci\u00f3n<\/p>\n","protected":false},"excerpt":{"rendered":"<p>ISBN: 978&nbsp;84&nbsp;15203&nbsp;53&nbsp;7<br \/>\nD. L. AS 02365-2020<\/p>\n","protected":false},"featured_media":129,"template":"","meta":[],"product_brand":[],"product_cat":[19],"product_tag":[],"class_list":{"0":"post-57","1":"product","2":"type-product","3":"status-publish","4":"has-post-thumbnail","6":"product_cat-logica","8":"first","9":"instock","10":"taxable","11":"shipping-taxable","12":"purchasable","13":"product-type-simple"},"jetpack_sharing_enabled":true,"_links":{"self":[{"href":"https:\/\/www.eikasia.es\/index.php\/wp-json\/wp\/v2\/product\/57","targetHints":{"allow":["GET"]}}],"collection":[{"href":"https:\/\/www.eikasia.es\/index.php\/wp-json\/wp\/v2\/product"}],"about":[{"href":"https:\/\/www.eikasia.es\/index.php\/wp-json\/wp\/v2\/types\/product"}],"wp:featuredmedia":[{"embeddable":true,"href":"https:\/\/www.eikasia.es\/index.php\/wp-json\/wp\/v2\/media\/129"}],"wp:attachment":[{"href":"https:\/\/www.eikasia.es\/index.php\/wp-json\/wp\/v2\/media?parent=57"}],"wp:term":[{"taxonomy":"product_brand","embeddable":true,"href":"https:\/\/www.eikasia.es\/index.php\/wp-json\/wp\/v2\/product_brand?post=57"},{"taxonomy":"product_cat","embeddable":true,"href":"https:\/\/www.eikasia.es\/index.php\/wp-json\/wp\/v2\/product_cat?post=57"},{"taxonomy":"product_tag","embeddable":true,"href":"https:\/\/www.eikasia.es\/index.php\/wp-json\/wp\/v2\/product_tag?post=57"}],"curies":[{"name":"wp","href":"https:\/\/api.w.org\/{rel}","templated":true}]}}